{"id":373,"date":"2023-09-27T15:50:13","date_gmt":"2023-09-27T13:50:13","guid":{"rendered":"https:\/\/www.le-renaissance.com\/?page_id=373"},"modified":"2025-07-03T11:54:56","modified_gmt":"2025-07-03T09:54:56","slug":"mont-de-marsan-et-sa-region","status":"publish","type":"page","link":"https:\/\/www.le-renaissance.com\/es\/mont-de-marsan-et-sa-region\/","title":{"rendered":"Mont de Marsan y su regi\u00f3n"},"content":{"rendered":"<div data-elementor-type=\"wp-page\" data-elementor-id=\"373\" class=\"elementor elementor-373\" data-elementor-post-type=\"page\">\n\t\t\t\t<div class=\"elementor-element elementor-element-e4ec3ca e-flex e-con-boxed e-con e-parent\" data-id=\"e4ec3ca\" data-element_type=\"container\" data-settings=\"{&quot;background_background&quot;:&quot;classic&quot;,&quot;jet_parallax_layout_list&quot;:[]}\">\n\t\t\t\t\t<div class=\"e-con-inner\">\n\t\t\t\t<div class=\"elementor-element elementor-element-b76f343 jet-breadcrumbs-align-center elementor-widget elementor-widget-jet-breadcrumbs\" data-id=\"b76f343\" data-element_type=\"widget\" data-widget_type=\"jet-breadcrumbs.default\">\n\t\t\t\t<div class=\"elementor-widget-container\">\n\t\t\t\t\t<div class=\"elementor-jet-breadcrumbs jet-blocks\">\n\t\t<div class=\"jet-breadcrumbs\">\n\t\t<div class=\"jet-breadcrumbs__content\">\n\t\t<div class=\"jet-breadcrumbs__wrap\"><div class=\"jet-breadcrumbs__item\"><a href=\"https:\/\/www.le-renaissance.com\/es\/\" class=\"jet-breadcrumbs__item-link is-home\" rel=\"home\" title=\"Hotel Renacimiento\">Hotel Renacimiento<\/a><\/div>\n\t\t<\/div>\n\t\t<\/div>\n\t\t<\/div><\/div>\t\t\t\t<\/div>\n\t\t\t\t<\/div>\n\t\t\t\t\t<\/div>\n\t\t\t\t<\/div>\n\t\t<div class=\"elementor-element elementor-element-c8410df e-flex e-con-boxed e-con e-parent\" data-id=\"c8410df\" data-element_type=\"container\" data-settings=\"{&quot;background_background&quot;:&quot;classic&quot;,&quot;jet_parallax_layout_list&quot;:[]}\">\n\t\t\t\t\t<div class=\"e-con-inner\">\n\t\t<div class=\"elementor-element elementor-element-2e82239 e-con-full e-flex e-con e-child\" data-id=\"2e82239\" data-element_type=\"container\" data-settings=\"{&quot;jet_parallax_layout_list&quot;:[]}\">\n\t\t\t\t<div class=\"elementor-element elementor-element-6a4853f elementor-widget-mobile__width-inherit elementor-widget-tablet__width-inherit elementor-widget elementor-widget-heading\" data-id=\"6a4853f\" data-element_type=\"widget\" data-widget_type=\"heading.default\">\n\t\t\t\t<div class=\"elementor-widget-container\">\n\t\t\t\t\t<p class=\"elementor-heading-title elementor-size-default\">Visita Mont-de-Marsan<\/p>\t\t\t\t<\/div>\n\t\t\t\t<\/div>\n\t\t\t\t<div class=\"elementor-element elementor-element-4bf73b3 elementor-widget-tablet__width-inherit elementor-widget elementor-widget-heading\" data-id=\"4bf73b3\" data-element_type=\"widget\" data-widget_type=\"heading.default\">\n\t\t\t\t<div class=\"elementor-widget-container\">\n\t\t\t\t\t<h2 class=\"elementor-heading-title elementor-size-default\">Monumentos y sitios para ver.<\/h2>\t\t\t\t<\/div>\n\t\t\t\t<\/div>\n\t\t\t\t<div class=\"elementor-element elementor-element-239a0ba elementor-widget elementor-widget-text-editor\" data-id=\"239a0ba\" data-element_type=\"widget\" data-widget_type=\"text-editor.default\">\n\t\t\t\t<div class=\"elementor-widget-container\">\n\t\t\t\t\t\t\t\t\tDescubra Mont-de-Marsan y su regi\u00f3n a trav\u00e9s de sus tesoros culturales y sitios emblem\u00e1ticos.\t\t\t\t\t\t\t\t<\/div>\n\t\t\t\t<\/div>\n\t\t\t\t<div class=\"elementor-element elementor-element-ad031c1 elementor-widget-tablet__width-inherit elementor-widget elementor-widget-heading\" data-id=\"ad031c1\" data-element_type=\"widget\" data-widget_type=\"heading.default\">\n\t\t\t\t<div class=\"elementor-widget-container\">\n\t\t\t\t\t<h3 class=\"elementor-heading-title elementor-size-default\">Monumentos de Mons:\n<\/h3>\t\t\t\t<\/div>\n\t\t\t\t<\/div>\n\t\t\t\t<div class=\"elementor-element elementor-element-0bb05dd elementor-widget-tablet__width-inherit elementor-widget-mobile__width-inherit elementor-icon-list--layout-traditional elementor-list-item-link-full_width elementor-widget elementor-widget-icon-list\" data-id=\"0bb05dd\" data-element_type=\"widget\" data-widget_type=\"icon-list.default\">\n\t\t\t\t<div class=\"elementor-widget-container\">\n\t\t\t\t\t\t\t<ul class=\"elementor-icon-list-items\">\n\t\t\t\t\t\t\t<li class=\"elementor-icon-list-item\">\n\t\t\t\t\t\t\t\t\t\t\t<span class=\"elementor-icon-list-icon\">\n\t\t\t\t\t\t\t<i aria-hidden=\"true\" class=\"fas fa-check\"><\/i>\t\t\t\t\t\t<\/span>\n\t\t\t\t\t\t\t\t\t\t<span class=\"elementor-icon-list-text\">La Arena Pluma\u00e7on<\/span>\n\t\t\t\t\t\t\t\t\t<\/li>\n\t\t\t\t\t\t\t\t<li class=\"elementor-icon-list-item\">\n\t\t\t\t\t\t\t\t\t\t\t<span class=\"elementor-icon-list-icon\">\n\t\t\t\t\t\t\t<i aria-hidden=\"true\" class=\"fas fa-check\"><\/i>\t\t\t\t\t\t<\/span>\n\t\t\t\t\t\t\t\t\t\t<span class=\"elementor-icon-list-text\">La mazmorra de Lacataye<\/span>\n\t\t\t\t\t\t\t\t\t<\/li>\n\t\t\t\t\t\t\t\t<li class=\"elementor-icon-list-item\">\n\t\t\t\t\t\t\t\t\t\t\t<span class=\"elementor-icon-list-icon\">\n\t\t\t\t\t\t\t<i aria-hidden=\"true\" class=\"fas fa-check\"><\/i>\t\t\t\t\t\t<\/span>\n\t\t\t\t\t\t\t\t\t\t<span class=\"elementor-icon-list-text\">Parque Jean Rameau<\/span>\n\t\t\t\t\t\t\t\t\t<\/li>\n\t\t\t\t\t\t\t\t<li class=\"elementor-icon-list-item\">\n\t\t\t\t\t\t\t\t\t\t\t<span class=\"elementor-icon-list-icon\">\n\t\t\t\t\t\t\t<i aria-hidden=\"true\" class=\"fas fa-check\"><\/i>\t\t\t\t\t\t<\/span>\n\t\t\t\t\t\t\t\t\t\t<span class=\"elementor-icon-list-text\">La Iglesia de la Magdalena<\/span>\n\t\t\t\t\t\t\t\t\t<\/li>\n\t\t\t\t\t\t<\/ul>\n\t\t\t\t\t\t<\/div>\n\t\t\t\t<\/div>\n\t\t\t\t<div class=\"elementor-element elementor-element-36ad8ef elementor-widget elementor-widget-text-editor\" data-id=\"36ad8ef\" data-element_type=\"widget\" data-widget_type=\"text-editor.default\">\n\t\t\t\t<div class=\"elementor-widget-container\">\n\t\t\t\t\t\t\t\t\t<p>Sum\u00e9rgete en la historia con una visita a museos y galer\u00edas de arte locales.<\/p>\t\t\t\t\t\t\t\t<\/div>\n\t\t\t\t<\/div>\n\t\t\t\t<div class=\"elementor-element elementor-element-5efadc1 elementor-widget-tablet__width-inherit elementor-widget elementor-widget-heading\" data-id=\"5efadc1\" data-element_type=\"widget\" data-widget_type=\"heading.default\">\n\t\t\t\t<div class=\"elementor-widget-container\">\n\t\t\t\t\t<h3 class=\"elementor-heading-title elementor-size-default\">Museos y galer\u00edas de arte:\n<\/h3>\t\t\t\t<\/div>\n\t\t\t\t<\/div>\n\t\t\t\t<div class=\"elementor-element elementor-element-21e992c elementor-widget-tablet__width-inherit elementor-widget-mobile__width-inherit elementor-icon-list--layout-traditional elementor-list-item-link-full_width elementor-widget elementor-widget-icon-list\" data-id=\"21e992c\" data-element_type=\"widget\" data-widget_type=\"icon-list.default\">\n\t\t\t\t<div class=\"elementor-widget-container\">\n\t\t\t\t\t\t\t<ul class=\"elementor-icon-list-items\">\n\t\t\t\t\t\t\t<li class=\"elementor-icon-list-item\">\n\t\t\t\t\t\t\t\t\t\t\t<a href=\"https:\/\/www.montdemarsan-tourisme.fr\/montdemarsan-la-parenthese-inatendue\/le-incontournables\/visiter-le-musee-despiau-wlerick\/\">\n\n\t\t\t\t\t\t\t\t\t\t\t\t<span class=\"elementor-icon-list-icon\">\n\t\t\t\t\t\t\t<i aria-hidden=\"true\" class=\"fas fa-check\"><\/i>\t\t\t\t\t\t<\/span>\n\t\t\t\t\t\t\t\t\t\t<span class=\"elementor-icon-list-text\">Museo Despiau-Wl\u00e9rick<\/span>\n\t\t\t\t\t\t\t\t\t\t\t<\/a>\n\t\t\t\t\t\t\t\t\t<\/li>\n\t\t\t\t\t\t\t\t<li class=\"elementor-icon-list-item\">\n\t\t\t\t\t\t\t\t\t\t\t<a href=\"http:\/\/www.amicaledu34ri.fr\">\n\n\t\t\t\t\t\t\t\t\t\t\t\t<span class=\"elementor-icon-list-icon\">\n\t\t\t\t\t\t\t<i aria-hidden=\"true\" class=\"fas fa-check\"><\/i>\t\t\t\t\t\t<\/span>\n\t\t\t\t\t\t\t\t\t\t<span class=\"elementor-icon-list-text\">Museo del 34.\u00ba Regimiento de Infanter\u00eda<\/span>\n\t\t\t\t\t\t\t\t\t\t\t<\/a>\n\t\t\t\t\t\t\t\t\t<\/li>\n\t\t\t\t\t\t<\/ul>\n\t\t\t\t\t\t<\/div>\n\t\t\t\t<\/div>\n\t\t\t\t<div class=\"elementor-element elementor-element-a994c0d elementor-widget-tablet__width-inherit elementor-widget elementor-widget-heading\" data-id=\"a994c0d\" data-element_type=\"widget\" data-widget_type=\"heading.default\">\n\t\t\t\t<div class=\"elementor-widget-container\">\n\t\t\t\t\t<h3 class=\"elementor-heading-title elementor-size-default\">\u00bfQuieres algo m\u00e1s? \u00a1Haz una visita con un Greeter!\n<\/h3>\t\t\t\t<\/div>\n\t\t\t\t<\/div>\n\t\t\t\t<div class=\"elementor-element elementor-element-2350a7e elementor-widget elementor-widget-text-editor\" data-id=\"2350a7e\" data-element_type=\"widget\" data-widget_type=\"text-editor.default\">\n\t\t\t\t<div class=\"elementor-widget-container\">\n\t\t\t\t\t\t\t\t\t\u00bfQuieres una experiencia \u00fanica? \u00a1Explora la ciudad con un Greeter! Estos gu\u00edas voluntarios le ayudar\u00e1n a explorar Mont-de-Marsan y sus alrededores de una forma aut\u00e9ntica y emocionante. \u00a1Sum\u00e9rjase hoy en la riqueza cultural de Mont-de-Marsan!\t\t\t\t\t\t\t\t<\/div>\n\t\t\t\t<\/div>\n\t\t\t\t<div class=\"elementor-element elementor-element-2a73a2c elementor-widget-tablet__width-inherit elementor-widget elementor-widget-text-editor\" data-id=\"2a73a2c\" data-element_type=\"widget\" data-widget_type=\"text-editor.default\">\n\t\t\t\t<div class=\"elementor-widget-container\">\n\t\t\t\t\t\t\t\t\t<p><strong>Visite el sitio web de la Oficina de Turismo: <a href=\"http:\/\/www.montdemarsan-tourisme.fr\" target=\"_blank\" rel=\"noopener\">www.montdemarsan-tourisme.fr<\/a><\/strong><\/p>\t\t\t\t\t\t\t\t<\/div>\n\t\t\t\t<\/div>\n\t\t\t\t<\/div>\n\t\t<div class=\"elementor-element elementor-element-e3b56a0 e-con-full elementor-hidden-tablet elementor-hidden-mobile e-flex e-con e-child\" data-id=\"e3b56a0\" data-element_type=\"container\" data-settings=\"{&quot;jet_parallax_layout_list&quot;:[]}\">\n\t\t\t\t<div class=\"elementor-element elementor-element-46d4d75 elementor-widget elementor-widget-image\" data-id=\"46d4d75\" data-element_type=\"widget\" data-widget_type=\"image.default\">\n\t\t\t\t<div class=\"elementor-widget-container\">\n\t\t\t\t\t\t\t\t\t\t\t\t\t\t\t<img fetchpriority=\"high\" decoding=\"async\" width=\"768\" height=\"1024\" src=\"https:\/\/www.le-renaissance.com\/wp-content\/uploads\/2023\/09\/Eglise-de-la-Madeleine-1-900x1200-1-768x1024.webp\" class=\"attachment-large size-large wp-image-783\" alt=\"Journ\u00e9e du patrimoine Mont de marsan\" srcset=\"https:\/\/www.le-renaissance.com\/wp-content\/uploads\/2023\/09\/Eglise-de-la-Madeleine-1-900x1200-1-768x1024.webp 768w, https:\/\/www.le-renaissance.com\/wp-content\/uploads\/2023\/09\/Eglise-de-la-Madeleine-1-900x1200-1-600x800.webp 600w, https:\/\/www.le-renaissance.com\/wp-content\/uploads\/2023\/09\/Eglise-de-la-Madeleine-1-900x1200-1-225x300.webp 225w, https:\/\/www.le-renaissance.com\/wp-content\/uploads\/2023\/09\/Eglise-de-la-Madeleine-1-900x1200-1.webp 900w\" sizes=\"(max-width: 768px) 100vw, 768px\" \/>\t\t\t\t\t\t\t\t\t\t\t\t\t\t\t<\/div>\n\t\t\t\t<\/div>\n\t\t\t\t<\/div>\n\t\t\t\t\t<\/div>\n\t\t\t\t<\/div>\n\t\t<div class=\"elementor-element elementor-element-b950180 e-flex e-con-boxed e-con e-parent\" data-id=\"b950180\" data-element_type=\"container\" data-settings=\"{&quot;background_background&quot;:&quot;classic&quot;,&quot;jet_parallax_layout_list&quot;:[]}\">\n\t\t\t\t\t<div class=\"e-con-inner\">\n\t\t\t\t<div class=\"elementor-element elementor-element-a22d222 elementor-widget__width-inherit elementor-hidden-mobile elementor-hidden-tablet elementor-widget elementor-widget-image\" data-id=\"a22d222\" data-element_type=\"widget\" data-widget_type=\"image.default\">\n\t\t\t\t<div class=\"elementor-widget-container\">\n\t\t\t\t\t\t\t\t\t\t\t\t\t\t\t<img decoding=\"async\" width=\"2\" height=\"122\" src=\"https:\/\/www.le-renaissance.com\/wp-content\/uploads\/2023\/09\/Ligne-1.png\" class=\"attachment-large size-large wp-image-87\" alt=\"\" \/>\t\t\t\t\t\t\t\t\t\t\t\t\t\t\t<\/div>\n\t\t\t\t<\/div>\n\t\t<div class=\"elementor-element elementor-element-e62e860 e-con-full elementor-hidden-tablet elementor-hidden-mobile e-flex e-con e-child\" data-id=\"e62e860\" data-element_type=\"container\" data-settings=\"{&quot;jet_parallax_layout_list&quot;:[]}\">\n\t\t\t\t<div class=\"elementor-element elementor-element-3b3518b elementor-widget elementor-widget-image\" data-id=\"3b3518b\" data-element_type=\"widget\" data-widget_type=\"image.default\">\n\t\t\t\t<div class=\"elementor-widget-container\">\n\t\t\t\t\t\t\t\t\t\t\t\t\t\t\t<img decoding=\"async\" width=\"1024\" height=\"683\" src=\"https:\/\/www.le-renaissance.com\/wp-content\/uploads\/2023\/09\/Le-Pole-scaled-1-1024x683.webp\" class=\"attachment-large size-large wp-image-784\" alt=\"\" srcset=\"https:\/\/www.le-renaissance.com\/wp-content\/uploads\/2023\/09\/Le-Pole-scaled-1-1024x683.webp 1024w, https:\/\/www.le-renaissance.com\/wp-content\/uploads\/2023\/09\/Le-Pole-scaled-1-600x400.webp 600w, https:\/\/www.le-renaissance.com\/wp-content\/uploads\/2023\/09\/Le-Pole-scaled-1-300x200.webp 300w, https:\/\/www.le-renaissance.com\/wp-content\/uploads\/2023\/09\/Le-Pole-scaled-1-768x512.webp 768w, https:\/\/www.le-renaissance.com\/wp-content\/uploads\/2023\/09\/Le-Pole-scaled-1-1536x1024.webp 1536w, https:\/\/www.le-renaissance.com\/wp-content\/uploads\/2023\/09\/Le-Pole-scaled-1-2048x1366.webp 2048w\" sizes=\"(max-width: 1024px) 100vw, 1024px\" \/>\t\t\t\t\t\t\t\t\t\t\t\t\t\t\t<\/div>\n\t\t\t\t<\/div>\n\t\t\t\t<\/div>\n\t\t<div class=\"elementor-element elementor-element-5ef7552 e-con-full e-flex e-con e-child\" data-id=\"5ef7552\" data-element_type=\"container\" data-settings=\"{&quot;jet_parallax_layout_list&quot;:[]}\">\n\t\t\t\t<div class=\"elementor-element elementor-element-8112bfd elementor-widget-mobile__width-inherit elementor-widget-tablet__width-inherit elementor-widget elementor-widget-heading\" data-id=\"8112bfd\" data-element_type=\"widget\" data-widget_type=\"heading.default\">\n\t\t\t\t<div class=\"elementor-widget-container\">\n\t\t\t\t\t<p class=\"elementor-heading-title elementor-size-default\">Cultura en Mont-de-Marsan<\/p>\t\t\t\t<\/div>\n\t\t\t\t<\/div>\n\t\t\t\t<div class=\"elementor-element elementor-element-8ba6a5f elementor-widget-tablet__width-inherit elementor-widget elementor-widget-heading\" data-id=\"8ba6a5f\" data-element_type=\"widget\" data-widget_type=\"heading.default\">\n\t\t\t\t<div class=\"elementor-widget-container\">\n\t\t\t\t\t<h2 class=\"elementor-heading-title elementor-size-default\">Eventos culturales todo el a\u00f1o \n<\/h2>\t\t\t\t<\/div>\n\t\t\t\t<\/div>\n\t\t\t\t<div class=\"elementor-element elementor-element-0445380 elementor-widget-tablet__width-inherit elementor-widget elementor-widget-heading\" data-id=\"0445380\" data-element_type=\"widget\" data-widget_type=\"heading.default\">\n\t\t\t\t<div class=\"elementor-widget-container\">\n\t\t\t\t\t<h3 class=\"elementor-heading-title elementor-size-default\">El Teatro de Gascu\u00f1a: <\/h3>\t\t\t\t<\/div>\n\t\t\t\t<\/div>\n\t\t\t\t<div class=\"elementor-element elementor-element-7f7f0e6 elementor-widget elementor-widget-text-editor\" data-id=\"7f7f0e6\" data-element_type=\"widget\" data-widget_type=\"text-editor.default\">\n\t\t\t\t<div class=\"elementor-widget-container\">\n\t\t\t\t\t\t\t\t\t<p>Descubra el dinamismo cultural de Mont-de-Marsan en el Th\u00e9\u00e2tre de Gascogne, que re\u00fane todos los escenarios de la ciudad y sus alrededores. Con una programaci\u00f3n variada y enriquecedora, este lugar emblem\u00e1tico de la localidad de Mons ofrece espect\u00e1culos para todos los gustos y todos los p\u00fablicos.<\/p><p><span style=\"font-style: inherit; font-weight: inherit; color: var( --e-global-color-text ); background-color: var( --e-global-color-ed2011b );\">\u00a0<\/span><\/p><p><span style=\"font-style: inherit; font-weight: inherit; color: var( --e-global-color-text ); background-color: var( --e-global-color-ed2011b );\">Encu\u00e9ntralo <\/span><a style=\"font-style: inherit; font-weight: inherit;\" href=\"https:\/\/www.montdemarsan.fr\/portail_mdm\/saisonsculturelles\/pdf\/brochures\/BrochureSaisonCulturelle2019-2020-(6,9mo).pdf\" target=\"_blank\" rel=\"noopener noreferrer\"><strong>Programaci\u00f3n 2019-2020 del Th\u00e9\u00e2tre de Gascogne<\/strong><\/a><\/p><p><strong>Accede al sitio:\u00a0<a href=\"https:\/\/www.theatredegascogne.fr\" target=\"_blank\" rel=\"noopener noreferrer\">www.teatrodegascogne.fr<\/a><\/strong><\/p>\t\t\t\t\t\t\t\t<\/div>\n\t\t\t\t<\/div>\n\t\t\t\t<\/div>\n\t\t\t\t\t<\/div>\n\t\t\t\t<\/div>\n\t\t<div class=\"elementor-element elementor-element-17d199b e-flex e-con-boxed e-con e-parent\" data-id=\"17d199b\" data-element_type=\"container\" data-settings=\"{&quot;background_background&quot;:&quot;classic&quot;,&quot;jet_parallax_layout_list&quot;:[]}\">\n\t\t\t\t\t<div class=\"e-con-inner\">\n\t\t<div class=\"elementor-element elementor-element-94fa539 e-con-full e-flex e-con e-child\" data-id=\"94fa539\" data-element_type=\"container\" data-settings=\"{&quot;jet_parallax_layout_list&quot;:[]}\">\n\t\t\t\t<div class=\"elementor-element elementor-element-dc0d110 elementor-widget elementor-widget-image\" data-id=\"dc0d110\" data-element_type=\"widget\" data-widget_type=\"image.default\">\n\t\t\t\t<div class=\"elementor-widget-container\">\n\t\t\t\t\t\t\t\t\t\t\t\t\t\t\t<img loading=\"lazy\" decoding=\"async\" width=\"681\" height=\"1024\" src=\"https:\/\/www.le-renaissance.com\/wp-content\/uploads\/2023\/09\/man-plays-acoustic-guitar-closeup-681x1024.jpg\" class=\"attachment-large size-large wp-image-785\" alt=\"\" srcset=\"https:\/\/www.le-renaissance.com\/wp-content\/uploads\/2023\/09\/man-plays-acoustic-guitar-closeup-681x1024.jpg 681w, https:\/\/www.le-renaissance.com\/wp-content\/uploads\/2023\/09\/man-plays-acoustic-guitar-closeup-600x902.jpg 600w, https:\/\/www.le-renaissance.com\/wp-content\/uploads\/2023\/09\/man-plays-acoustic-guitar-closeup-200x300.jpg 200w, https:\/\/www.le-renaissance.com\/wp-content\/uploads\/2023\/09\/man-plays-acoustic-guitar-closeup-768x1154.jpg 768w, https:\/\/www.le-renaissance.com\/wp-content\/uploads\/2023\/09\/man-plays-acoustic-guitar-closeup.jpg 998w\" sizes=\"(max-width: 681px) 100vw, 681px\" \/>\t\t\t\t\t\t\t\t\t\t\t\t\t\t\t<\/div>\n\t\t\t\t<\/div>\n\t\t\t\t<\/div>\n\t\t<div class=\"elementor-element elementor-element-0f8ab68 e-con-full e-flex e-con e-child\" data-id=\"0f8ab68\" data-element_type=\"container\" data-settings=\"{&quot;jet_parallax_layout_list&quot;:[]}\">\n\t\t\t\t<div class=\"elementor-element elementor-element-0889ecb elementor-widget-tablet__width-inherit elementor-widget elementor-widget-heading\" data-id=\"0889ecb\" data-element_type=\"widget\" data-widget_type=\"heading.default\">\n\t\t\t\t<div class=\"elementor-widget-container\">\n\t\t\t\t\t<h3 class=\"elementor-heading-title elementor-size-default\">El Caf\u00e9 de la M\u00fasica: <\/h3>\t\t\t\t<\/div>\n\t\t\t\t<\/div>\n\t\t\t\t<div class=\"elementor-element elementor-element-a48ed64 elementor-widget elementor-widget-text-editor\" data-id=\"a48ed64\" data-element_type=\"widget\" data-widget_type=\"text-editor.default\">\n\t\t\t\t<div class=\"elementor-widget-container\">\n\t\t\t\t\t\t\t\t\t<p>Ven y disfruta de la din\u00e1mica escena musical de Mont-de-Marsan en el Caf\u00e9 Music&#039;, un espacio gestionado por la Association Montoise d&#039;Animations Culturelles (AMAC). Dedicado a la promoci\u00f3n de la m\u00fasica actual, este establecimiento ofrece mucho m\u00e1s que una simple sala de conciertos. Conoce a otros entusiastas, participa en las clases de rock de Rock School, disfruta de sesiones de ensayo y grabaci\u00f3n y explora multitud de actividades culturales.<\/p><p>Caf\u00e9 Music&#039; le promete momentos de convivencia y descubrimiento para compartir con la comunidad art\u00edstica de Mont-de-Marsan.<\/p><p>\u00a0<\/p><p><strong><a href=\"https:\/\/lecafemusic.com\/evenements\/type\/concerts\/\" target=\"_blank\" rel=\"noopener noreferrer\">Inf\u00f3rmate sobre la programaci\u00f3n del Caf\u00e9 M\u00fasica\u00a0<\/a><\/strong><\/p>\t\t\t\t\t\t\t\t<\/div>\n\t\t\t\t<\/div>\n\t\t\t\t<\/div>\n\t\t\t\t\t<\/div>\n\t\t\t\t<\/div>\n\t\t<div class=\"elementor-element elementor-element-68cc896 e-flex e-con-boxed e-con e-parent\" data-id=\"68cc896\" data-element_type=\"container\" data-settings=\"{&quot;background_background&quot;:&quot;classic&quot;,&quot;jet_parallax_layout_list&quot;:[]}\">\n\t\t\t\t\t<div class=\"e-con-inner\">\n\t\t<div class=\"elementor-element elementor-element-2da8cbe e-con-full e-flex e-con e-child\" data-id=\"2da8cbe\" data-element_type=\"container\" data-settings=\"{&quot;jet_parallax_layout_list&quot;:[]}\">\n\t\t\t\t<div class=\"elementor-element elementor-element-ef61cf1 elementor-widget elementor-widget-image\" data-id=\"ef61cf1\" data-element_type=\"widget\" data-widget_type=\"image.default\">\n\t\t\t\t<div class=\"elementor-widget-container\">\n\t\t\t\t\t\t\t\t\t\t\t\t\t\t\t<img loading=\"lazy\" decoding=\"async\" width=\"1024\" height=\"683\" src=\"https:\/\/www.le-renaissance.com\/wp-content\/uploads\/2023\/09\/medium-shot-woman-dancing-with-fan-1024x683.jpg\" class=\"attachment-large size-large wp-image-786\" alt=\"\" srcset=\"https:\/\/www.le-renaissance.com\/wp-content\/uploads\/2023\/09\/medium-shot-woman-dancing-with-fan-1024x683.jpg 1024w, https:\/\/www.le-renaissance.com\/wp-content\/uploads\/2023\/09\/medium-shot-woman-dancing-with-fan-600x400.jpg 600w, https:\/\/www.le-renaissance.com\/wp-content\/uploads\/2023\/09\/medium-shot-woman-dancing-with-fan-300x200.jpg 300w, https:\/\/www.le-renaissance.com\/wp-content\/uploads\/2023\/09\/medium-shot-woman-dancing-with-fan-768x512.jpg 768w, https:\/\/www.le-renaissance.com\/wp-content\/uploads\/2023\/09\/medium-shot-woman-dancing-with-fan.jpg 1500w\" sizes=\"(max-width: 1024px) 100vw, 1024px\" \/>\t\t\t\t\t\t\t\t\t\t\t\t\t\t\t<\/div>\n\t\t\t\t<\/div>\n\t\t\t\t<\/div>\n\t\t<div class=\"elementor-element elementor-element-ad7d413 e-con-full e-flex e-con e-child\" data-id=\"ad7d413\" data-element_type=\"container\" data-settings=\"{&quot;jet_parallax_layout_list&quot;:[]}\">\n\t\t\t\t<div class=\"elementor-element elementor-element-feaa349 elementor-widget-tablet__width-inherit elementor-widget elementor-widget-heading\" data-id=\"feaa349\" data-element_type=\"widget\" data-widget_type=\"heading.default\">\n\t\t\t\t<div class=\"elementor-widget-container\">\n\t\t\t\t\t<h3 class=\"elementor-heading-title elementor-size-default\">Imprescindible: el festival Arte Flamenco<\/h3>\t\t\t\t<\/div>\n\t\t\t\t<\/div>\n\t\t\t\t<div class=\"elementor-element elementor-element-1ecf2af elementor-widget elementor-widget-text-editor\" data-id=\"1ecf2af\" data-element_type=\"widget\" data-widget_type=\"text-editor.default\">\n\t\t\t\t<div class=\"elementor-widget-container\">\n\t\t\t\t\t\t\t\t\t<p>Desde hace 30 a\u00f1os, el Festival Arte Flamenco enciende la ciudad de Mont-de-Marsan a principios de julio. Durante 6 d\u00edas, la ciudad resuena con el sonido cautivador de las melod\u00edas andaluzas, en escenarios y calles animadas: conciertos cautivadores, festivales llenos de sorpresas, cursos apasionantes, exposiciones cautivadoras...<\/p><p>El flamenco se desarrolla en todas sus formas, ofreciendo una inmersi\u00f3n total en esta cultura vibrante y apasionante. Viva una experiencia intensa mientras se empapa del esp\u00edritu flamenco que anima la ciudad de Mont-de-Marsan durante este per\u00edodo \u00fanico.<\/p><p>\u00a0<\/p><p><strong><a href=\"https:\/\/arteflamenco.landes.fr\/\" target=\"_blank\" rel=\"noopener noreferrer\">Acceda al sitio web arteflamenco.landes.fr<\/a><\/strong><\/p>\t\t\t\t\t\t\t\t<\/div>\n\t\t\t\t<\/div>\n\t\t\t\t<\/div>\n\t\t\t\t\t<\/div>\n\t\t\t\t<\/div>\n\t\t<div class=\"elementor-element elementor-element-e7630c2 e-flex e-con-boxed e-con e-parent\" data-id=\"e7630c2\" data-element_type=\"container\" data-settings=\"{&quot;background_background&quot;:&quot;classic&quot;,&quot;jet_parallax_layout_list&quot;:[]}\">\n\t\t\t\t\t<div class=\"e-con-inner\">\n\t\t\t\t<div class=\"elementor-element elementor-element-7e25d98 elementor-widget__width-inherit elementor-hidden-mobile elementor-hidden-tablet elementor-widget elementor-widget-image\" data-id=\"7e25d98\" data-element_type=\"widget\" data-widget_type=\"image.default\">\n\t\t\t\t<div class=\"elementor-widget-container\">\n\t\t\t\t\t\t\t\t\t\t\t\t\t\t\t<img decoding=\"async\" width=\"2\" height=\"122\" src=\"https:\/\/www.le-renaissance.com\/wp-content\/uploads\/2023\/09\/Ligne-1.png\" class=\"attachment-large size-large wp-image-87\" alt=\"\" \/>\t\t\t\t\t\t\t\t\t\t\t\t\t\t\t<\/div>\n\t\t\t\t<\/div>\n\t\t<div class=\"elementor-element elementor-element-8b63624 e-con-full e-flex e-con e-child\" data-id=\"8b63624\" data-element_type=\"container\" data-settings=\"{&quot;jet_parallax_layout_list&quot;:[]}\">\n\t\t\t\t<div class=\"elementor-element elementor-element-b607784 elementor-widget-mobile__width-inherit elementor-widget-tablet__width-inherit elementor-widget elementor-widget-heading\" data-id=\"b607784\" data-element_type=\"widget\" data-widget_type=\"heading.default\">\n\t\t\t\t<div class=\"elementor-widget-container\">\n\t\t\t\t\t<p class=\"elementor-heading-title elementor-size-default\">Deportes en Mont-de-Marsan<\/p>\t\t\t\t<\/div>\n\t\t\t\t<\/div>\n\t\t\t\t<div class=\"elementor-element elementor-element-4e05503 elementor-widget-tablet__width-inherit elementor-widget elementor-widget-heading\" data-id=\"4e05503\" data-element_type=\"widget\" data-widget_type=\"heading.default\">\n\t\t\t\t<div class=\"elementor-widget-container\">\n\t\t\t\t\t<h2 class=\"elementor-heading-title elementor-size-default\">Ir a ver deporte de alto nivel. \n<\/h2>\t\t\t\t<\/div>\n\t\t\t\t<\/div>\n\t\t\t\t<div class=\"elementor-element elementor-element-4d215c3 elementor-widget-tablet__width-inherit elementor-widget elementor-widget-heading\" data-id=\"4d215c3\" data-element_type=\"widget\" data-widget_type=\"heading.default\">\n\t\t\t\t<div class=\"elementor-widget-container\">\n\t\t\t\t\t<h3 class=\"elementor-heading-title elementor-size-default\">Basket-Landes: \u00a1las mejores chicas!<\/h3>\t\t\t\t<\/div>\n\t\t\t\t<\/div>\n\t\t\t\t<div class=\"elementor-element elementor-element-a912ff0 elementor-widget elementor-widget-text-editor\" data-id=\"a912ff0\" data-element_type=\"widget\" data-widget_type=\"text-editor.default\">\n\t\t\t\t<div class=\"elementor-widget-container\">\n\t\t\t\t\t\t\t\t\t<p>Residentes en la Liga Femenina de Baloncesto desde 2006, las jugadoras de baloncesto landesas desempe\u00f1an papeles protagonistas a nivel nacional e incluso europeo. Si te gusta el espect\u00e1culo que ofrece este deporte de equipo, \u00a1ve y ap\u00f3yalos!<\/p><p>\u00a0<\/p><p><strong><a href=\"https:\/\/www.basket-landes.com\/page\/calendrier\" target=\"_blank\" rel=\"noopener noreferrer\">Consulta el calendario en www.basket-landes.com<\/a><\/strong><\/p><p>\u00a0<\/p>\t\t\t\t\t\t\t\t<\/div>\n\t\t\t\t<\/div>\n\t\t\t\t<\/div>\n\t\t<div class=\"elementor-element elementor-element-88a2df3 e-con-full e-flex e-con e-child\" data-id=\"88a2df3\" data-element_type=\"container\" data-settings=\"{&quot;jet_parallax_layout_list&quot;:[]}\">\n\t\t\t\t<div class=\"elementor-element elementor-element-30c5088 elementor-widget elementor-widget-image\" data-id=\"30c5088\" data-element_type=\"widget\" data-widget_type=\"image.default\">\n\t\t\t\t<div class=\"elementor-widget-container\">\n\t\t\t\t\t\t\t\t\t\t\t\t\t\t\t<img loading=\"lazy\" decoding=\"async\" width=\"773\" height=\"408\" src=\"https:\/\/www.le-renaissance.com\/wp-content\/uploads\/2023\/09\/COUV-SITE-INTERNET-773x408-1.png\" class=\"attachment-large size-large wp-image-788\" alt=\"\" srcset=\"https:\/\/www.le-renaissance.com\/wp-content\/uploads\/2023\/09\/COUV-SITE-INTERNET-773x408-1.png 773w, https:\/\/www.le-renaissance.com\/wp-content\/uploads\/2023\/09\/COUV-SITE-INTERNET-773x408-1-600x317.png 600w, https:\/\/www.le-renaissance.com\/wp-content\/uploads\/2023\/09\/COUV-SITE-INTERNET-773x408-1-300x158.png 300w, https:\/\/www.le-renaissance.com\/wp-content\/uploads\/2023\/09\/COUV-SITE-INTERNET-773x408-1-768x405.png 768w\" sizes=\"(max-width: 773px) 100vw, 773px\" \/>\t\t\t\t\t\t\t\t\t\t\t\t\t\t\t<\/div>\n\t\t\t\t<\/div>\n\t\t\t\t<\/div>\n\t\t\t\t\t<\/div>\n\t\t\t\t<\/div>\n\t\t<div class=\"elementor-element elementor-element-d2065e0 e-flex e-con-boxed e-con e-parent\" data-id=\"d2065e0\" data-element_type=\"container\" data-settings=\"{&quot;background_background&quot;:&quot;classic&quot;,&quot;jet_parallax_layout_list&quot;:[]}\">\n\t\t\t\t\t<div class=\"e-con-inner\">\n\t\t<div class=\"elementor-element elementor-element-dfae990 e-con-full elementor-hidden-tablet elementor-hidden-mobile e-flex e-con e-child\" data-id=\"dfae990\" data-element_type=\"container\" data-settings=\"{&quot;jet_parallax_layout_list&quot;:[]}\">\n\t\t\t\t<div class=\"elementor-element elementor-element-098dda9 elementor-widget elementor-widget-image\" data-id=\"098dda9\" data-element_type=\"widget\" data-widget_type=\"image.default\">\n\t\t\t\t<div class=\"elementor-widget-container\">\n\t\t\t\t\t\t\t\t\t\t\t\t\t\t\t<img loading=\"lazy\" decoding=\"async\" width=\"1000\" height=\"500\" src=\"https:\/\/www.le-renaissance.com\/wp-content\/uploads\/2023\/09\/20211119211511-psp63.jpg\" class=\"attachment-large size-large wp-image-789\" alt=\"\" srcset=\"https:\/\/www.le-renaissance.com\/wp-content\/uploads\/2023\/09\/20211119211511-psp63.jpg 1000w, https:\/\/www.le-renaissance.com\/wp-content\/uploads\/2023\/09\/20211119211511-psp63-600x300.jpg 600w, https:\/\/www.le-renaissance.com\/wp-content\/uploads\/2023\/09\/20211119211511-psp63-300x150.jpg 300w, https:\/\/www.le-renaissance.com\/wp-content\/uploads\/2023\/09\/20211119211511-psp63-768x384.jpg 768w\" sizes=\"(max-width: 1000px) 100vw, 1000px\" \/>\t\t\t\t\t\t\t\t\t\t\t\t\t\t\t<\/div>\n\t\t\t\t<\/div>\n\t\t\t\t<\/div>\n\t\t<div class=\"elementor-element elementor-element-a72bdf0 e-con-full e-flex e-con e-child\" data-id=\"a72bdf0\" data-element_type=\"container\" data-settings=\"{&quot;jet_parallax_layout_list&quot;:[]}\">\n\t\t\t\t<div class=\"elementor-element elementor-element-4ccba05 elementor-widget-tablet__width-inherit elementor-widget elementor-widget-heading\" data-id=\"4ccba05\" data-element_type=\"widget\" data-widget_type=\"heading.default\">\n\t\t\t\t<div class=\"elementor-widget-container\">\n\t\t\t\t\t<h3 class=\"elementor-heading-title elementor-size-default\">Stade Montois Rugby: \u00a1varonil pero correcto!<\/h3>\t\t\t\t<\/div>\n\t\t\t\t<\/div>\n\t\t\t\t<div class=\"elementor-element elementor-element-3fc9c30 elementor-widget elementor-widget-text-editor\" data-id=\"3fc9c30\" data-element_type=\"widget\" data-widget_type=\"text-editor.default\">\n\t\t\t\t<div class=\"elementor-widget-container\">\n\t\t\t\t\t\t\t\t\t<p>Aficionados al bal\u00f3n ovalado, tendr\u00e9is la oportunidad de ver al equipo Pro D2 m\u00e1s consistente en Mont-de-Marsan. Regularmente clasificados para las fases finales, los jugadores de rugby de Mons le deleitar\u00e1n con su tenacidad y su compromiso en el campo. Sum\u00e9rgete en la atm\u00f3sfera ardiente del estadio Mont-de-Marsan y apoya a tu equipo con pasi\u00f3n durante cada partido.\u00a0<\/p><p>No pierda la oportunidad de asistir a intensos y emocionantes eventos deportivos en el coraz\u00f3n de Mont-de-Marsan, donde el rugby es m\u00e1s que un deporte, es una verdadera pasi\u00f3n compartida por toda la comunidad local. \u00a1\u00danete a nosotros y vibra al ritmo de la bola ovalada!<\/p><p>\u00a0<\/p><p><a href=\"https:\/\/www.stademontoisrugby.fr\/equipe-pro\/championnat\/calendrier-et-resultats.html\" target=\"_blank\" rel=\"noopener noreferrer\"><strong>Consulta el calendario del Stade Montois Rugby<\/strong><\/a><\/p>\t\t\t\t\t\t\t\t<\/div>\n\t\t\t\t<\/div>\n\t\t\t\t<\/div>\n\t\t\t\t\t<\/div>\n\t\t\t\t<\/div>\n\t\t<div class=\"elementor-element elementor-element-266f1ad e-flex e-con-boxed e-con e-parent\" data-id=\"266f1ad\" data-element_type=\"container\" data-settings=\"{&quot;background_background&quot;:&quot;classic&quot;,&quot;jet_parallax_layout_list&quot;:[]}\">\n\t\t\t\t\t<div class=\"e-con-inner\">\n\t\t\t\t<div class=\"elementor-element elementor-element-00eae22 elementor-widget__width-inherit elementor-hidden-mobile elementor-hidden-tablet elementor-widget elementor-widget-image\" data-id=\"00eae22\" data-element_type=\"widget\" data-widget_type=\"image.default\">\n\t\t\t\t<div class=\"elementor-widget-container\">\n\t\t\t\t\t\t\t\t\t\t\t\t\t\t\t<img decoding=\"async\" width=\"2\" height=\"122\" src=\"https:\/\/www.le-renaissance.com\/wp-content\/uploads\/2023\/09\/Ligne-1.png\" class=\"attachment-large size-large wp-image-87\" alt=\"\" \/>\t\t\t\t\t\t\t\t\t\t\t\t\t\t\t<\/div>\n\t\t\t\t<\/div>\n\t\t<div class=\"elementor-element elementor-element-719e9ae e-con-full e-flex e-con e-child\" data-id=\"719e9ae\" data-element_type=\"container\" data-settings=\"{&quot;jet_parallax_layout_list&quot;:[]}\">\n\t\t\t\t<div class=\"elementor-element elementor-element-875ca7a elementor-widget-mobile__width-inherit elementor-widget-tablet__width-inherit elementor-widget elementor-widget-heading\" data-id=\"875ca7a\" data-element_type=\"widget\" data-widget_type=\"heading.default\">\n\t\t\t\t<div class=\"elementor-widget-container\">\n\t\t\t\t\t<p class=\"elementor-heading-title elementor-size-default\">No te lo puedes perder en Mont-de-Marsan<\/p>\t\t\t\t<\/div>\n\t\t\t\t<\/div>\n\t\t\t\t<div class=\"elementor-element elementor-element-aca5d2f elementor-widget-tablet__width-inherit elementor-widget elementor-widget-heading\" data-id=\"aca5d2f\" data-element_type=\"widget\" data-widget_type=\"heading.default\">\n\t\t\t\t<div class=\"elementor-widget-container\">\n\t\t\t\t\t<h2 class=\"elementor-heading-title elementor-size-default\">Gourmets o comensales, \u00a1estar\u00e1n encantados!\n<\/h2>\t\t\t\t<\/div>\n\t\t\t\t<\/div>\n\t\t\t\t<div class=\"elementor-element elementor-element-b8dca32 elementor-widget-tablet__width-inherit elementor-widget elementor-widget-heading\" data-id=\"b8dca32\" data-element_type=\"widget\" data-widget_type=\"heading.default\">\n\t\t\t\t<div class=\"elementor-widget-container\">\n\t\t\t\t\t<h3 class=\"elementor-heading-title elementor-size-default\">Una selecci\u00f3n de direcciones para todos los gustos en Mont-de-Marsan:<\/h3>\t\t\t\t<\/div>\n\t\t\t\t<\/div>\n\t\t\t\t<div class=\"elementor-element elementor-element-7cc91c2 elementor-position-left elementor-widget-tablet__width-inherit elementor-view-default elementor-mobile-position-top elementor-widget elementor-widget-icon-box\" data-id=\"7cc91c2\" data-element_type=\"widget\" data-widget_type=\"icon-box.default\">\n\t\t\t\t<div class=\"elementor-widget-container\">\n\t\t\t\t\t\t\t<div class=\"elementor-icon-box-wrapper\">\n\n\t\t\t\t\t\t<div class=\"elementor-icon-box-icon\">\n\t\t\t\t<span  class=\"elementor-icon\">\n\t\t\t\t<svg xmlns=\"http:\/\/www.w3.org\/2000\/svg\" xmlns:xlink=\"http:\/\/www.w3.org\/1999\/xlink\" id=\"Layer_1\" x=\"0px\" y=\"0px\" viewbox=\"0 0 511.999 511.999\" style=\"enable-background:new 0 0 511.999 511.999;\" xml:space=\"preserve\"><g>\t<g>\t\t<path d=\"M509.389,56.524c-5.228-5.228-19.682-14.075-40.696-14.075c-32.879,0-69.713,20.164-109.482,59.932L221.639,239.953   c-5.766,5.766-8.942,13.433-8.942,21.589c0,8.155,3.176,15.822,8.942,21.589c0.739,0.739,0.739,1.941,0,2.68L204.748,302.7   c-0.415,0.412-1.481,0.241-2.319-0.143c-11.538-5.276-25.319-2.794-34.292,6.181L34.388,442.49   c-14.011,14.011-14.011,36.808,0,50.82c7.006,7.006,16.208,10.508,25.409,10.508c9.202,0,18.405-3.502,25.411-10.508   l424.18-424.18C512.87,65.649,512.87,60.005,509.389,56.524z M72.602,480.705c-7.061,7.058-18.548,7.06-25.609,0   c-7.06-7.061-7.06-18.548,0-25.609l133.752-133.752c2.428-2.428,5.702-3.715,9.015-3.715c1.783,0,3.577,0.373,5.257,1.141   c7.868,3.599,16.637,2.238,22.339-3.466l16.889-16.889c7.689-7.689,7.689-20.202,0-27.891c-2.4-2.399-3.721-5.591-3.721-8.984   c0-3.393,1.322-6.584,3.721-8.984l137.574-137.57c44.352-44.354,76.347-54.223,95.377-54.692   c9.622-0.236,16.869,1.827,21.788,4.029L72.602,480.705z\"><\/path>\t<\/g><\/g><g>\t<g>\t\t<path d=\"M114.448,132.953L38.145,56.65c-3.481-3.481-9.125-3.481-12.605,0c-3.481,3.481-3.481,9.125,0,12.605l76.303,76.303   c1.74,1.74,4.022,2.611,6.302,2.611c2.281,0,4.563-0.87,6.302-2.611C117.929,142.077,117.929,136.433,114.448,132.953z\"><\/path>\t<\/g><\/g><g>\t<g>\t\t<path d=\"M137.377,110.025L61.074,33.721c-3.481-3.481-9.125-3.481-12.605,0c-3.481,3.481-3.481,9.125,0,12.605l76.303,76.305   c1.74,1.74,4.022,2.611,6.302,2.611c2.281,0,4.563-0.87,6.302-2.611C140.858,119.149,140.858,113.505,137.377,110.025z\"><\/path>\t<\/g><\/g><g>\t<g>\t\t<path d=\"M236.588,193.951l-19.388-19.388c-3.725-3.725-8.678-5.776-13.945-5.776c-2.119,0-4.187,0.332-6.144,0.971l-10.725-10.725   l2.808-19.663c1.83-12.813-2.541-25.926-11.693-35.079l-93.499-93.5c-3.481-3.481-9.125-3.481-12.605,0   c-3.481,3.481-3.481,9.125,0,12.605l93.499,93.5c5.206,5.206,7.692,12.664,6.651,19.952l-3.439,24.075   c-0.396,2.777,0.537,5.58,2.522,7.563l18.682,18.682c1.671,1.672,3.939,2.611,6.302,2.611c2.364,0,4.631-0.939,6.302-2.611   c0.74-0.74,1.942-0.739,2.68,0l19.388,19.388c1.74,1.74,4.022,2.611,6.302,2.611c2.281,0,4.563-0.87,6.302-2.611   C240.069,203.075,240.069,197.431,236.588,193.951z\"><\/path>\t<\/g><\/g><g>\t<g>\t\t<path d=\"M485.131,442.491L330.926,288.285c-3.481-3.481-9.124-3.481-12.606,0c-3.481,3.481-3.481,9.125,0,12.605l154.204,154.206   c3.42,3.419,5.304,7.968,5.304,12.803s-1.884,9.384-5.305,12.805c-7.057,7.058-18.547,7.061-25.608,0L293.634,327.424   c-3.481-3.481-9.124-3.482-12.606,0c-3.481,3.481-3.481,9.125,0,12.605l153.283,153.283c7.006,7.005,16.208,10.507,25.409,10.507   c9.202,0,18.405-3.502,25.41-10.508c6.789-6.787,10.526-15.811,10.526-25.409C495.656,458.301,491.917,449.277,485.131,442.491z\"><\/path>\t<\/g><\/g><g>\t<g>\t\t<path d=\"M197.438,231.228l-18.451-18.451c-0.739-0.739-0.739-1.941,0-2.68c3.481-3.481,3.481-9.125,0-12.605l-18.683-18.683   c-1.984-1.984-4.786-2.917-7.563-2.522l-24.075,3.439c-7.287,1.042-14.745-1.445-19.952-6.651L15.216,79.578   c-3.481-3.481-9.125-3.481-12.605,0c-3.481,3.481-3.481,9.125,0,12.605l93.499,93.499c9.152,9.152,22.264,13.524,35.079,11.693   l19.662-2.81l10.726,10.726c-0.639,1.957-0.971,4.026-0.971,6.144c0,5.268,2.051,10.221,5.776,13.945l18.451,18.451   c1.74,1.74,4.022,2.611,6.302,2.611c2.281,0,4.563-0.87,6.302-2.611C200.919,240.351,200.919,234.707,197.438,231.228z\"><\/path>\t<\/g><\/g><g><\/g><g><\/g><g><\/g><g><\/g><g><\/g><g><\/g><g><\/g><g><\/g><g><\/g><g><\/g><g><\/g><g><\/g><g><\/g><g><\/g><g><\/g><\/svg>\t\t\t\t<\/span>\n\t\t\t<\/div>\n\t\t\t\n\t\t\t\t\t\t<div class=\"elementor-icon-box-content\">\n\n\t\t\t\t\t\t\t\t\t<h3 class=\"elementor-icon-box-title\">\n\t\t\t\t\t\t<span  >\n\t\t\t\t\t\t\tRestaurantes\t\t\t\t\t\t<\/span>\n\t\t\t\t\t<\/h3>\n\t\t\t\t\n\t\t\t\t\t\t\t\t\t<p class=\"elementor-icon-box-description\">\n\t\t\t\t\t\tLes Clefs d&#039;Argent, Villa Mirasol, le Richelieu, Bistro le Mam\u00e9ta, Brasserie Le Donjon, Les Pyren\u00e9es, le Bistro de Marcel.\t\t\t\t\t<\/p>\n\t\t\t\t\n\t\t\t<\/div>\n\t\t\t\n\t\t<\/div>\n\t\t\t\t\t\t<\/div>\n\t\t\t\t<\/div>\n\t\t\t\t<div class=\"elementor-element elementor-element-c71a0c2 elementor-position-left elementor-widget-tablet__width-inherit elementor-view-default elementor-mobile-position-top elementor-widget elementor-widget-icon-box\" data-id=\"c71a0c2\" data-element_type=\"widget\" data-widget_type=\"icon-box.default\">\n\t\t\t\t<div class=\"elementor-widget-container\">\n\t\t\t\t\t\t\t<div class=\"elementor-icon-box-wrapper\">\n\n\t\t\t\t\t\t<div class=\"elementor-icon-box-icon\">\n\t\t\t\t<span  class=\"elementor-icon\">\n\t\t\t\t<svg xmlns=\"http:\/\/www.w3.org\/2000\/svg\" height=\"480pt\" viewbox=\"-16 0 480 480.00044\" width=\"480pt\"><path d=\"m367.839844 74.472656 15.214844-4.953125 15.625 48.003907-15.214844 4.949218zm0 0\"><\/path><path d=\"m344.390625 130.480469 15.214844-4.953125 15.628906 47.996094-15.214844 4.957031zm0 0\"><\/path><path d=\"m74.625 153.816406c-1.6875 12.222656 1.878906 24.589844 9.824219 34.03125l11.550781 14.488282v133.664062h16v-121.046875l11.558594 7.703125c2.691406 1.792969 6.191406 1.792969 8.882812 0l19.558594-13.054688 19.558594 13.039063c2.691406 1.792969 6.191406 1.792969 8.882812 0l19.558594-13.039063 19.558594 13.039063c2.691406 1.792969 6.191406 1.792969 8.882812 0l19.558594-13.039063 19.558594 13.039063c2.691406 1.792969 6.191406 1.792969 8.882812 0l19.558594-13.039063 16 10.664063v243.734375h-176v16h224c22.082031-.027344 39.972656-17.917969 40-40v-240c-.019531-1.757812-.625-3.460938-1.71875-4.839844l46.230469-123.078125c6.222656-16.535156 3.945312-35.066406-6.09375-49.601562-9.539063-14.101563-25.46875-22.5312502-42.488281-22.480469-21.695313.203125-41.019532 13.757812-48.59375 34.089844l-12.542969 33.390625-14.792969-14.792969v-28.6875c0-4.417969-3.582031-8-8-8h-88c-4.417969 0-8 3.582031-8 8v13.726562c-9.042969-8.195312-22.683594-8.660156-32.265625-1.09375v-12.632812c0-13.09375-10.613281-23.710938-23.710937-23.710938-13.09375 0-23.710938 10.617188-23.710938 23.710938v12.640625c-4.378906-3.628906-9.890625-5.613281-15.578125-5.601563-6.601563-.015624-12.929687 2.648438-17.535156 7.386719-9.488281 9.777344-9.546875 25.308594-.136719 35.160157l7.449219 7.6875c-2.710938 1.242187-5.171875 2.96875-7.261719 5.09375l-.050781.03125-.078125.082031c-1.863282 1.914062-3.40625 4.117187-4.5625 6.527343l-9.117188-16.839843-14.074218 7.617187 20.6875 38.183594c-.925782.527344-1.855469 1.039062-2.734376 1.640625-.328124.222656-.617187.480469-.9375.703125l-30.957031-28.527344-10.847656 11.765625 30.75 28.351563c-3.53125 5.402344-5.820313 11.519531-6.703125 17.914062zm168.933594 39.527344-19.558594 13.054688-19.558594-13.039063c-2.691406-1.792969-6.191406-1.792969-8.882812 0l-19.375 12.921875c-.046875-.800781-.183594-1.496094-.183594-2.265625-.050781-17.582031 12.640625-32.617187 29.980469-35.515625 17.34375-2.902344 34.234375 7.183594 39.90625 23.828125-.824219.214844-1.609375.554687-2.328125 1.015625zm20.441406 7.710938-.152344-.101563c-.960937-16.816406-10.019531-32.121094-24.300781-41.054687-14.277344-8.933594-32.003906-10.386719-47.546875-3.898438v-52h72zm120 238.945312c0 13.253906-10.746094 24-24 24h-32v-243.71875l16-10.679688 19.558594 13.039063c2.691406 1.792969 6.191406 1.792969 8.882812 0l11.558594-7.6875zm-21.6875-400.289062c5.214844-14.101563 18.582031-23.527344 33.617188-23.710938 11.757812-.023438 22.753906 5.808594 29.335937 15.550781 7.0625 10.230469 8.65625 23.273438 4.269531 34.90625l-49.535156 131.941407-12 8-19.558594-13.039063c-2.691406-1.792969-6.191406-1.792969-8.882812 0l-19.558594 13.039063-16.230469-10.820313zm-33.695312 44.21875-42.457032 113.015624-6.160156 4.109376v-101.742188l32-32zm-96.617188-51.929688h72v16h-72zm-4.6875 32h65.375l-24 24h-65.375zm-112.695312-14.351562c1.605468-1.65625 3.8125-2.59375 6.117187-2.59375 2.308594.003906 4.515625.9375 6.121094 2.59375l11.746093 12c2.28125 2.328124 5.746094 3.035156 8.757813 1.796874 3.011719-1.242187 4.972656-4.1875 4.953125-7.445312v-32c-.128906-2.839844 1.3125-5.519531 3.75-6.976562 2.441406-1.460938 5.484375-1.460938 7.921875 0 2.441406 1.457031 3.882813 4.136718 3.75 6.976562v32c.003906 3.246094 1.96875 6.167969 4.976563 7.394531 3.003906 1.230469 6.453124.519531 8.730468-1.792969l11.78125-12c3.375-3.324218 8.789063-3.324218 12.160156 0 3.476563 3.558594 3.476563 9.238282 0 12.796876l-23.566406 24 .238282.242187-3.710938 3.710937c-.644531.664063-1.164062 1.4375-1.542969 2.28125-.113281.246094-.175781.496094-.265625.75-.238281.683594-.382812 1.394532-.429687 2.113282 0 .175781-.097657.320312-.097657.496094v70.566406c-1.820312 1.742187-3.511718 3.613281-5.054687 5.601562l-15.113281-32.160156c-5.578125-11.097656-15.660156-19.261719-27.679688-22.398438-2.796875-.722656-5.664062-1.160156-8.550781-1.296874l-2.050781-2.402344c-1.597656-1.832032-2.804688-3.261719-3-3.460938-2.066406-2.164062-2.960938-5.195312-2.398438-8.136718.296875-1.671876 1.066406-3.21875 2.214844-4.464844l.144531-.136719.199219-.214844c2.898438-2.839843 7.386719-3.257812 10.761719-1.007812 3.394531 2.269531 7.949219 1.617187 10.574219-1.507813 2.625-3.128906 2.472656-7.726562-.351563-10.675781l-21.144531-21.824219c-3.433594-3.59375-3.40625-9.261718.058594-12.824218zm-24.136719 106.351562c1.042969-7.753906 5.335937-14.699219 11.808593-19.097656 6.417969-4.339844 14.390626-5.714844 21.894532-3.773438 7.5 1.945313 13.804687 7.019532 17.304687 13.933594l20.390625 43.433594c-.503906 1.871094-.902344 3.769531-1.191406 5.6875l-4.214844-2.816406c-2.6875-1.792969-6.191406-1.792969-8.878906 0l-19.59375 13.03125-17.742188-11.839844-1.714843-2.148438 20.625-15.945312-9.792969-12.65625-20.796875 16.085937-1.777344-2.214843c-5.089843-6-7.386719-13.882813-6.320312-21.679688zm0 0\"><\/path><path d=\"m17.082031 460.046875c6.078125 12.261719 18.601563 20 32.285157 19.953125 5.605468-.007812 11.128906-1.3125 16.144531-3.808594l6.488281-3.246094 6.496094 3.246094c5.011718 2.496094 10.535156 3.800782 16.136718 3.808594 13.6875.046875 26.207032-7.691406 32.289063-19.953125l2.789063-5.597656c9.367187-18.796875 14.257812-39.503907 14.289062-60.503907-.027344-23.15625-18.789062-41.917968-41.945312-41.945312-7.804688.023438-15.449219 2.238281-22.054688 6.398438v-6.398438c0-17.671875-14.328125-32-32-32v16c8.835938 0 16 7.164062 16 16v6.398438c-6.605469-4.160157-14.25-6.375-22.054688-6.398438-23.15625.027344-41.9179682 18.789062-41.945312 41.945312.0273438 21.003907 4.917969 41.71875 14.289062 60.519532zm24.863281-92.046875c6.882813-.019531 13.488282 2.71875 18.34375 7.601562l6.054688 6.054688c3.125 3.121094 8.1875 3.121094 11.3125 0l6.054688-6.054688c7.421874-7.421874 18.578124-9.640624 28.273437-5.625 9.695313 4.015626 16.015625 13.476563 16.015625 23.96875-.019531 18.523438-4.332031 36.789063-12.601562 53.367188l-2.789063 5.601562c-3.394531 6.816407-10.363281 11.113282-17.976563 11.085938-3.117187-.003906-6.191406-.730469-8.984374-2.121094l-10.070313-5.039062c-2.253906-1.125-4.902344-1.125-7.152344 0l-10.066406 5.039062c-2.792969 1.390625-5.871094 2.117188-8.992187 2.121094-7.617188.023438-14.589844-4.285156-17.976563-11.113281l-2.789063-5.597657c-8.265624-16.570312-12.578124-34.828124-12.601562-53.34375.019531-14.320312 11.625-25.925781 25.945312-25.945312zm0 0\"><\/path><\/svg>\t\t\t\t<\/span>\n\t\t\t<\/div>\n\t\t\t\n\t\t\t\t\t\t<div class=\"elementor-icon-box-content\">\n\n\t\t\t\t\t\t\t\t\t<h3 class=\"elementor-icon-box-title\">\n\t\t\t\t\t\t<span  >\n\t\t\t\t\t\t\tTiendas delicatessen\t\t\t\t\t\t<\/span>\n\t\t\t\t\t<\/h3>\n\t\t\t\t\n\t\t\t\t\t\t\t\t\t<p class=\"elementor-icon-box-description\">\n\t\t\t\t\t\tCueva Saint Jean d&#039;Aout, Lafitte.\t\t\t\t\t<\/p>\n\t\t\t\t\n\t\t\t<\/div>\n\t\t\t\n\t\t<\/div>\n\t\t\t\t\t\t<\/div>\n\t\t\t\t<\/div>\n\t\t\t\t<\/div>\n\t\t<div class=\"elementor-element elementor-element-4d59fdf e-con-full elementor-hidden-tablet elementor-hidden-mobile e-flex e-con e-child\" data-id=\"4d59fdf\" data-element_type=\"container\" data-settings=\"{&quot;jet_parallax_layout_list&quot;:[]}\">\n\t\t\t\t<div class=\"elementor-element elementor-element-39badc8 elementor-widget elementor-widget-image\" data-id=\"39badc8\" data-element_type=\"widget\" data-widget_type=\"image.default\">\n\t\t\t\t<div class=\"elementor-widget-container\">\n\t\t\t\t\t\t\t\t\t\t\t\t\t\t\t<img loading=\"lazy\" decoding=\"async\" width=\"1024\" height=\"683\" src=\"https:\/\/www.le-renaissance.com\/wp-content\/uploads\/2023\/09\/empty-glasses-set-restaurant-1024x683.jpg\" class=\"attachment-large size-large wp-image-792\" alt=\"\" srcset=\"https:\/\/www.le-renaissance.com\/wp-content\/uploads\/2023\/09\/empty-glasses-set-restaurant-1024x683.jpg 1024w, https:\/\/www.le-renaissance.com\/wp-content\/uploads\/2023\/09\/empty-glasses-set-restaurant-600x400.jpg 600w, https:\/\/www.le-renaissance.com\/wp-content\/uploads\/2023\/09\/empty-glasses-set-restaurant-300x200.jpg 300w, https:\/\/www.le-renaissance.com\/wp-content\/uploads\/2023\/09\/empty-glasses-set-restaurant-768x512.jpg 768w, https:\/\/www.le-renaissance.com\/wp-content\/uploads\/2023\/09\/empty-glasses-set-restaurant.jpg 1500w\" sizes=\"(max-width: 1024px) 100vw, 1024px\" \/>\t\t\t\t\t\t\t\t\t\t\t\t\t\t\t<\/div>\n\t\t\t\t<\/div>\n\t\t\t\t<\/div>\n\t\t\t\t\t<\/div>\n\t\t\t\t<\/div>\n\t\t<div class=\"elementor-element elementor-element-63a9f63 e-flex e-con-boxed e-con e-parent\" data-id=\"63a9f63\" data-element_type=\"container\" data-settings=\"{&quot;background_background&quot;:&quot;classic&quot;,&quot;jet_parallax_layout_list&quot;:[]}\">\n\t\t\t\t\t<div class=\"e-con-inner\">\n\t\t<div class=\"elementor-element elementor-element-600433e e-con-full e-flex e-con e-child\" data-id=\"600433e\" data-element_type=\"container\" data-settings=\"{&quot;jet_parallax_layout_list&quot;:[]}\">\n\t\t\t\t<div class=\"elementor-element elementor-element-1917e9a elementor-widget elementor-widget-image\" data-id=\"1917e9a\" data-element_type=\"widget\" data-widget_type=\"image.default\">\n\t\t\t\t<div class=\"elementor-widget-container\">\n\t\t\t\t\t\t\t\t\t\t\t\t\t\t\t<img loading=\"lazy\" decoding=\"async\" width=\"1024\" height=\"683\" src=\"https:\/\/www.le-renaissance.com\/wp-content\/uploads\/2023\/09\/ferias-fetes-de-la-madeleinefrederic-ferranti-10-1024x683.webp\" class=\"attachment-large size-large wp-image-793\" alt=\"\" srcset=\"https:\/\/www.le-renaissance.com\/wp-content\/uploads\/2023\/09\/ferias-fetes-de-la-madeleinefrederic-ferranti-10-1024x683.webp 1024w, https:\/\/www.le-renaissance.com\/wp-content\/uploads\/2023\/09\/ferias-fetes-de-la-madeleinefrederic-ferranti-10-600x400.webp 600w, https:\/\/www.le-renaissance.com\/wp-content\/uploads\/2023\/09\/ferias-fetes-de-la-madeleinefrederic-ferranti-10-300x200.webp 300w, https:\/\/www.le-renaissance.com\/wp-content\/uploads\/2023\/09\/ferias-fetes-de-la-madeleinefrederic-ferranti-10-768x512.webp 768w, https:\/\/www.le-renaissance.com\/wp-content\/uploads\/2023\/09\/ferias-fetes-de-la-madeleinefrederic-ferranti-10.webp 1451w\" sizes=\"(max-width: 1024px) 100vw, 1024px\" \/>\t\t\t\t\t\t\t\t\t\t\t\t\t\t\t<\/div>\n\t\t\t\t<\/div>\n\t\t\t\t<\/div>\n\t\t<div class=\"elementor-element elementor-element-cdfbb21 e-con-full e-flex e-con e-child\" data-id=\"cdfbb21\" data-element_type=\"container\" data-settings=\"{&quot;jet_parallax_layout_list&quot;:[]}\">\n\t\t\t\t<div class=\"elementor-element elementor-element-bfb042f elementor-widget-tablet__width-inherit elementor-widget elementor-widget-heading\" data-id=\"bfb042f\" data-element_type=\"widget\" data-widget_type=\"heading.default\">\n\t\t\t\t<div class=\"elementor-widget-container\">\n\t\t\t\t\t<h3 class=\"elementor-heading-title elementor-size-default\">La Fiesta de la Magdalena:<\/h3>\t\t\t\t<\/div>\n\t\t\t\t<\/div>\n\t\t\t\t<div class=\"elementor-element elementor-element-e35e4fd elementor-widget elementor-widget-text-editor\" data-id=\"e35e4fd\" data-element_type=\"widget\" data-widget_type=\"text-editor.default\">\n\t\t\t\t<div class=\"elementor-widget-container\">\n\t\t\t\t\t\t\t\t\t<p>Para las ineludibles festividades de la Madeleine, Mont-de-Marsan le ofrece una experiencia \u00fanica: sum\u00e9rjase en el ambiente agradable de las fiestas con sus bandas y su cultura taurina. De d\u00eda o de noche, en familia o con amigos, el programa de fiestas le satisfar\u00e1.\u00a0<\/p><p>Disfruta de la fiesta con moderaci\u00f3n respetando el tradicional traje blanco y azul. Tanto si es un apasionado de las bandas, un aficionado a la cultura taurina o simplemente busca un ambiente festivo, las F\u00eates de la Madeleine en Mont-de-Marsan le prometen momentos inolvidables de convivencia y de compartir. \u00a1\u00danete a nosotros y vive momentos de alegr\u00eda y tradici\u00f3n en el coraz\u00f3n de la ciudad!<\/p><p>\u00a0<\/p><p><strong>Averiguar sobre <a href=\"https:\/\/regiefetes.montdemarsan.fr\/lutece\/jsp\/site\/Portal.jsp?page_id=35\" target=\"_blank\" rel=\"noopener noreferrer\">regiefetes.montdemarsan.fr\u00a0<\/a><\/strong><\/p>\t\t\t\t\t\t\t\t<\/div>\n\t\t\t\t<\/div>\n\t\t\t\t<\/div>\n\t\t\t\t\t<\/div>\n\t\t\t\t<\/div>\n\t\t<div class=\"elementor-element elementor-element-b34bdd2 e-flex e-con-boxed e-con e-parent\" data-id=\"b34bdd2\" data-element_type=\"container\" data-settings=\"{&quot;background_background&quot;:&quot;classic&quot;,&quot;jet_parallax_layout_list&quot;:[]}\">\n\t\t\t\t\t<div class=\"e-con-inner\">\n\t\t\t\t<div class=\"elementor-element elementor-element-2a83af5 elementor-widget__width-inherit elementor-hidden-mobile elementor-hidden-tablet elementor-widget elementor-widget-image\" data-id=\"2a83af5\" data-element_type=\"widget\" data-widget_type=\"image.default\">\n\t\t\t\t<div class=\"elementor-widget-container\">\n\t\t\t\t\t\t\t\t\t\t\t\t\t\t\t<img decoding=\"async\" width=\"2\" height=\"122\" src=\"https:\/\/www.le-renaissance.com\/wp-content\/uploads\/2023\/09\/Ligne-1.png\" class=\"attachment-large size-large wp-image-87\" alt=\"\" \/>\t\t\t\t\t\t\t\t\t\t\t\t\t\t\t<\/div>\n\t\t\t\t<\/div>\n\t\t<div class=\"elementor-element elementor-element-fc4ca9a e-con-full e-flex e-con e-child\" data-id=\"fc4ca9a\" data-element_type=\"container\" data-settings=\"{&quot;jet_parallax_layout_list&quot;:[]}\">\n\t\t\t\t<div class=\"elementor-element elementor-element-1b752a3 elementor-widget-mobile__width-inherit elementor-widget-tablet__width-inherit elementor-widget elementor-widget-heading\" data-id=\"1b752a3\" data-element_type=\"widget\" data-widget_type=\"heading.default\">\n\t\t\t\t<div class=\"elementor-widget-container\">\n\t\t\t\t\t<p class=\"elementor-heading-title elementor-size-default\">las Landas<\/p>\t\t\t\t<\/div>\n\t\t\t\t<\/div>\n\t\t\t\t<div class=\"elementor-element elementor-element-083da6f elementor-widget-tablet__width-inherit elementor-widget elementor-widget-heading\" data-id=\"083da6f\" data-element_type=\"widget\" data-widget_type=\"heading.default\">\n\t\t\t\t<div class=\"elementor-widget-container\">\n\t\t\t\t\t<h2 class=\"elementor-heading-title elementor-size-default\">Alrededor del Mont de Marsan \n<\/h2>\t\t\t\t<\/div>\n\t\t\t\t<\/div>\n\t\t\t\t<div class=\"elementor-element elementor-element-c3976b1 elementor-widget elementor-widget-text-editor\" data-id=\"c3976b1\" data-element_type=\"widget\" data-widget_type=\"text-editor.default\">\n\t\t\t\t<div class=\"elementor-widget-container\">\n\t\t\t\t\t\t\t\t\t<p>Mont de Marsan es la prefectura de las Landas, pero el departamento de las Landas no es s\u00f3lo la ciudad. Para conocer todas sus facetas, tendr\u00e1s que recorrer el territorio land\u00e9s, desde el Gers hasta la costa atl\u00e1ntica.<\/p>\t\t\t\t\t\t\t\t<\/div>\n\t\t\t\t<\/div>\n\t\t\t\t<div class=\"elementor-element elementor-element-3940251 elementor-widget-tablet__width-inherit elementor-widget elementor-widget-heading\" data-id=\"3940251\" data-element_type=\"widget\" data-widget_type=\"heading.default\">\n\t\t\t\t<div class=\"elementor-widget-container\">\n\t\t\t\t\t<h3 class=\"elementor-heading-title elementor-size-default\">El golf de Mont de Marsan<\/h3>\t\t\t\t<\/div>\n\t\t\t\t<\/div>\n\t\t\t\t<div class=\"elementor-element elementor-element-ec9b5d9 elementor-widget elementor-widget-text-editor\" data-id=\"ec9b5d9\" data-element_type=\"widget\" data-widget_type=\"text-editor.default\">\n\t\t\t\t<div class=\"elementor-widget-container\">\n\t\t\t\t\t\t\t\t\t<p>El Renaissance es socio del campo de golf Mont de Marsan, situado a 10 minutos del hotel.<\/p><p>En un entorno preservado y lleno de historia, los aficionados al golf podr\u00e1n jugar en el campo t\u00e9cnico de 18 hoyos dise\u00f1ado por Jean Gara\u00efalde. El campo de golf tambi\u00e9n ofrece un campo de pr\u00e1cticas, una casa club, una boutique y un restaurante.<\/p><p><strong>Tendr\u00e1s m\u00e1s informaci\u00f3n sobre el Golf de Mont de Marsan visitando <a href=\"https:\/\/www.golfmontdemarsan.com\/\" target=\"_blank\" rel=\"noopener noreferrer\">www.golfmontdemarsan.com<\/a><\/strong><\/p>\t\t\t\t\t\t\t\t<\/div>\n\t\t\t\t<\/div>\n\t\t\t\t<\/div>\n\t\t<div class=\"elementor-element elementor-element-3dd9f4e e-con-full elementor-hidden-tablet elementor-hidden-mobile e-flex e-con e-child\" data-id=\"3dd9f4e\" data-element_type=\"container\" data-settings=\"{&quot;jet_parallax_layout_list&quot;:[]}\">\n\t\t\t\t<div class=\"elementor-element elementor-element-fe04823 elementor-widget elementor-widget-image\" data-id=\"fe04823\" data-element_type=\"widget\" data-widget_type=\"image.default\">\n\t\t\t\t<div class=\"elementor-widget-container\">\n\t\t\t\t\t\t\t\t\t\t\t\t\t\t\t<img loading=\"lazy\" decoding=\"async\" width=\"753\" height=\"1024\" src=\"https:\/\/www.le-renaissance.com\/wp-content\/uploads\/2023\/09\/view-golf-sport-equipment-e1695979847359-753x1024.jpg\" class=\"attachment-large size-large wp-image-794\" alt=\"\" srcset=\"https:\/\/www.le-renaissance.com\/wp-content\/uploads\/2023\/09\/view-golf-sport-equipment-e1695979847359-753x1024.jpg 753w, https:\/\/www.le-renaissance.com\/wp-content\/uploads\/2023\/09\/view-golf-sport-equipment-e1695979847359-600x816.jpg 600w, https:\/\/www.le-renaissance.com\/wp-content\/uploads\/2023\/09\/view-golf-sport-equipment-e1695979847359-221x300.jpg 221w, https:\/\/www.le-renaissance.com\/wp-content\/uploads\/2023\/09\/view-golf-sport-equipment-e1695979847359-768x1044.jpg 768w, https:\/\/www.le-renaissance.com\/wp-content\/uploads\/2023\/09\/view-golf-sport-equipment-e1695979847359.jpg 1000w\" sizes=\"(max-width: 753px) 100vw, 753px\" \/>\t\t\t\t\t\t\t\t\t\t\t\t\t\t\t<\/div>\n\t\t\t\t<\/div>\n\t\t\t\t<\/div>\n\t\t\t\t\t<\/div>\n\t\t\t\t<\/div>\n\t\t<div class=\"elementor-element elementor-element-7183a47 e-flex e-con-boxed e-con e-parent\" data-id=\"7183a47\" data-element_type=\"container\" data-settings=\"{&quot;background_background&quot;:&quot;classic&quot;,&quot;jet_parallax_layout_list&quot;:[]}\">\n\t\t\t\t\t<div class=\"e-con-inner\">\n\t\t<div class=\"elementor-element elementor-element-ec5260f e-con-full elementor-hidden-mobile e-flex e-con e-child\" data-id=\"ec5260f\" data-element_type=\"container\" data-settings=\"{&quot;jet_parallax_layout_list&quot;:[]}\">\n\t\t\t\t<div class=\"elementor-element elementor-element-39e24d2 elementor-widget elementor-widget-image\" data-id=\"39e24d2\" data-element_type=\"widget\" data-widget_type=\"image.default\">\n\t\t\t\t<div class=\"elementor-widget-container\">\n\t\t\t\t\t\t\t\t\t\t\t\t\t\t\t<img loading=\"lazy\" decoding=\"async\" width=\"1024\" height=\"1024\" src=\"https:\/\/www.le-renaissance.com\/wp-content\/uploads\/2023\/09\/high-rise-trees-touching-clear-sky-1024x1024.jpg\" class=\"attachment-large size-large wp-image-795\" alt=\"\" srcset=\"https:\/\/www.le-renaissance.com\/wp-content\/uploads\/2023\/09\/high-rise-trees-touching-clear-sky-1024x1024.jpg 1024w, https:\/\/www.le-renaissance.com\/wp-content\/uploads\/2023\/09\/high-rise-trees-touching-clear-sky-300x300.jpg 300w, https:\/\/www.le-renaissance.com\/wp-content\/uploads\/2023\/09\/high-rise-trees-touching-clear-sky-100x100.jpg 100w, https:\/\/www.le-renaissance.com\/wp-content\/uploads\/2023\/09\/high-rise-trees-touching-clear-sky-600x600.jpg 600w, https:\/\/www.le-renaissance.com\/wp-content\/uploads\/2023\/09\/high-rise-trees-touching-clear-sky-150x150.jpg 150w, https:\/\/www.le-renaissance.com\/wp-content\/uploads\/2023\/09\/high-rise-trees-touching-clear-sky-768x768.jpg 768w, https:\/\/www.le-renaissance.com\/wp-content\/uploads\/2023\/09\/high-rise-trees-touching-clear-sky.jpg 1500w\" sizes=\"(max-width: 1024px) 100vw, 1024px\" \/>\t\t\t\t\t\t\t\t\t\t\t\t\t\t\t<\/div>\n\t\t\t\t<\/div>\n\t\t\t\t<\/div>\n\t\t<div class=\"elementor-element elementor-element-c5c4951 e-con-full e-flex e-con e-child\" data-id=\"c5c4951\" data-element_type=\"container\" data-settings=\"{&quot;jet_parallax_layout_list&quot;:[]}\">\n\t\t\t\t<div class=\"elementor-element elementor-element-6602255 elementor-widget-tablet__width-inherit elementor-widget elementor-widget-heading\" data-id=\"6602255\" data-element_type=\"widget\" data-widget_type=\"heading.default\">\n\t\t\t\t<div class=\"elementor-widget-container\">\n\t\t\t\t\t<h3 class=\"elementor-heading-title elementor-size-default\">Las Landas interiores<\/h3>\t\t\t\t<\/div>\n\t\t\t\t<\/div>\n\t\t\t\t<div class=\"elementor-element elementor-element-2f95f76 elementor-widget elementor-widget-text-editor\" data-id=\"2f95f76\" data-element_type=\"widget\" data-widget_type=\"text-editor.default\">\n\t\t\t\t<div class=\"elementor-widget-container\">\n\t\t\t\t\t\t\t\t\t<p>Las Landas del interior, que se extienden desde Mont de Marsan hasta Tursan pasando por Chalosse, le seducir\u00e1n por sus paisajes monta\u00f1osos y sus pueblos pintorescos. Si eres aficionado a los paseos por el campo y a las piedras antiguas, \u00a1no te arrepentir\u00e1s del desv\u00edo!<\/p><p>\u00a0<\/p><p><strong>Tendr\u00e1s m\u00e1s informaci\u00f3n sobre las Landas del interior visitando <a href=\"https:\/\/www.landes-interieures.fr\" target=\"_blank\" rel=\"noopener noreferrer\">www.landes-interieures.fr<\/a><\/strong><\/p>\t\t\t\t\t\t\t\t<\/div>\n\t\t\t\t<\/div>\n\t\t\t\t<div class=\"elementor-element elementor-element-00e58ed elementor-widget-tablet__width-inherit elementor-widget elementor-widget-heading\" data-id=\"00e58ed\" data-element_type=\"widget\" data-widget_type=\"heading.default\">\n\t\t\t\t<div class=\"elementor-widget-container\">\n\t\t\t\t\t<h3 class=\"elementor-heading-title elementor-size-default\">Las Landas de Armagnac<\/h3>\t\t\t\t<\/div>\n\t\t\t\t<\/div>\n\t\t\t\t<div class=\"elementor-element elementor-element-b17b6a8 elementor-widget elementor-widget-text-editor\" data-id=\"b17b6a8\" data-element_type=\"widget\" data-widget_type=\"text-editor.default\">\n\t\t\t\t<div class=\"elementor-widget-container\">\n\t\t\t\t\t\t\t\t\t<p>En la frontera con Gers y Gironda, las Landas de Armagnac le revelar\u00e1n sus bastidas y castillos a trav\u00e9s de sus vi\u00f1edos. Si te detienes, conocer\u00e1s los secretos de la elaboraci\u00f3n milenaria del aguardiente con 40 virtudes.<\/p><p>\u00a0<\/p><p><strong>Visita el sitio <a href=\"https:\/\/www.tourisme-landesdarmagnac.fr\/\" target=\"_blank\" rel=\"noopener noreferrer\">www.turismo-landesdarmagnac.fr<\/a><\/strong><\/p>\t\t\t\t\t\t\t\t<\/div>\n\t\t\t\t<\/div>\n\t\t\t\t<\/div>\n\t\t\t\t\t<\/div>\n\t\t\t\t<\/div>\n\t\t<div class=\"elementor-element elementor-element-db54858 e-flex e-con-boxed e-con e-parent\" data-id=\"db54858\" data-element_type=\"container\" data-settings=\"{&quot;background_background&quot;:&quot;classic&quot;,&quot;jet_parallax_layout_list&quot;:[]}\">\n\t\t\t\t\t<div class=\"e-con-inner\">\n\t\t<div class=\"elementor-element elementor-element-31d45fe e-con-full e-flex e-con e-child\" data-id=\"31d45fe\" data-element_type=\"container\" data-settings=\"{&quot;jet_parallax_layout_list&quot;:[]}\">\n\t\t\t\t<div class=\"elementor-element elementor-element-18477b8 elementor-widget elementor-widget-image\" data-id=\"18477b8\" data-element_type=\"widget\" data-widget_type=\"image.default\">\n\t\t\t\t<div class=\"elementor-widget-container\">\n\t\t\t\t\t\t\t\t\t\t\t\t\t\t\t<img loading=\"lazy\" decoding=\"async\" width=\"1024\" height=\"512\" src=\"https:\/\/www.le-renaissance.com\/wp-content\/uploads\/2023\/09\/landscape-from-atlantic-coast-from-noirmoutier-french-island-web-banner-template-1024x512.jpg\" class=\"attachment-large size-large wp-image-796\" alt=\"\" srcset=\"https:\/\/www.le-renaissance.com\/wp-content\/uploads\/2023\/09\/landscape-from-atlantic-coast-from-noirmoutier-french-island-web-banner-template-1024x512.jpg 1024w, https:\/\/www.le-renaissance.com\/wp-content\/uploads\/2023\/09\/landscape-from-atlantic-coast-from-noirmoutier-french-island-web-banner-template-600x300.jpg 600w, https:\/\/www.le-renaissance.com\/wp-content\/uploads\/2023\/09\/landscape-from-atlantic-coast-from-noirmoutier-french-island-web-banner-template-300x150.jpg 300w, https:\/\/www.le-renaissance.com\/wp-content\/uploads\/2023\/09\/landscape-from-atlantic-coast-from-noirmoutier-french-island-web-banner-template-768x384.jpg 768w, https:\/\/www.le-renaissance.com\/wp-content\/uploads\/2023\/09\/landscape-from-atlantic-coast-from-noirmoutier-french-island-web-banner-template.jpg 1500w\" sizes=\"(max-width: 1024px) 100vw, 1024px\" \/>\t\t\t\t\t\t\t\t\t\t\t\t\t\t\t<\/div>\n\t\t\t\t<\/div>\n\t\t\t\t<\/div>\n\t\t<div class=\"elementor-element elementor-element-f1851b8 e-con-full e-flex e-con e-child\" data-id=\"f1851b8\" data-element_type=\"container\" data-settings=\"{&quot;jet_parallax_layout_list&quot;:[]}\">\n\t\t\t\t<div class=\"elementor-element elementor-element-94a3bfc elementor-widget-tablet__width-inherit elementor-widget elementor-widget-heading\" data-id=\"94a3bfc\" data-element_type=\"widget\" data-widget_type=\"heading.default\">\n\t\t\t\t<div class=\"elementor-widget-container\">\n\t\t\t\t\t<h3 class=\"elementor-heading-title elementor-size-default\">\nLas Altas Landas:<\/h3>\t\t\t\t<\/div>\n\t\t\t\t<\/div>\n\t\t\t\t<div class=\"elementor-element elementor-element-e42de96 elementor-widget elementor-widget-text-editor\" data-id=\"e42de96\" data-element_type=\"widget\" data-widget_type=\"text-editor.default\">\n\t\t\t\t<div class=\"elementor-widget-container\">\n\t\t\t\t\t\t\t\t\t<p>Cambio radical del paisaje: los pinos dominan las Altas Landas. Tierra de tradiciones marcadas durante mucho tiempo por la industria maderera, Haute Lande merece una visita por sus parajes naturales en el Parque Natural de las Landas de Gascu\u00f1a y su Bosque de Arte Contempor\u00e1neo.<\/p><p>\u00a0<\/p><p><strong>M\u00e1s informaci\u00f3n sobre\u00a0<a href=\"https:\/\/www.coeurhautelande.fr\/\" target=\"_blank\" rel=\"noopener noreferrer\">: www.coeurhautelande.fr<\/a><\/strong><\/p>\t\t\t\t\t\t\t\t<\/div>\n\t\t\t\t<\/div>\n\t\t\t\t<div class=\"elementor-element elementor-element-4fc018c elementor-widget-tablet__width-inherit elementor-widget elementor-widget-heading\" data-id=\"4fc018c\" data-element_type=\"widget\" data-widget_type=\"heading.default\">\n\t\t\t\t<div class=\"elementor-widget-container\">\n\t\t\t\t\t<h3 class=\"elementor-heading-title elementor-size-default\">La costa atl\u00e1ntica:<\/h3>\t\t\t\t<\/div>\n\t\t\t\t<\/div>\n\t\t\t\t<div class=\"elementor-element elementor-element-2821518 elementor-widget-tablet__width-inherit elementor-widget elementor-widget-text-editor\" data-id=\"2821518\" data-element_type=\"widget\" data-widget_type=\"text-editor.default\">\n\t\t\t\t<div class=\"elementor-widget-container\">\n\t\t\t\t\t\t\t\t\t<p>\u00a1No hace falta que te recuerdes los atractivos de nuestra hermosa costa atl\u00e1ntica!<\/p><p>\u00a0<\/p>\t\t\t\t\t\t\t\t<\/div>\n\t\t\t\t<\/div>\n\t\t\t\t<\/div>\n\t\t\t\t\t<\/div>\n\t\t\t\t<\/div>\n\t\t\t\t<\/div>","protected":false},"excerpt":{"rendered":"<p>Hotel Renaissance Visite Mont-de-Marsan Monumentos y lugares que ver Descubra Mont-de-Marsan y su regi\u00f3n a trav\u00e9s de sus tesoros culturales y lugares emblem\u00e1ticos. Monumentos de Mons: La Arena de Pluma\u00e7on La Torre del Homenaje Lacataye El Parque Jean Rameau La Iglesia de la Madeleine Sum\u00e9rjase en la historia visitando los museos y galer\u00edas de arte [\u2026]<\/p>","protected":false},"author":1,"featured_media":800,"parent":0,"menu_order":0,"comment_status":"closed","ping_status":"closed","template":"","meta":{"_seopress_robots_primary_cat":"","_seopress_titles_title":"Mont de Marsan et sa r\u00e9gion | H\u00f4tel Le Renaissance","_seopress_titles_desc":"Vous ne connaissez pas Mont-de-Marsan et souhaitez visiter la ville ? Nous vous indiquons tout ce qu&#039;il y a faire au c\u0153ur de cette charmante ville.","_seopress_robots_index":"","site-sidebar-layout":"no-sidebar","site-content-layout":"","ast-site-content-layout":"full-width-container","site-content-style":"default","site-sidebar-style":"default","ast-global-header-display":"","ast-banner-title-visibility":"","ast-main-header-display":"","ast-hfb-above-header-display":"","ast-hfb-below-header-display":"","ast-hfb-mobile-header-display":"","site-post-title":"disabled","ast-breadcrumbs-content":"","ast-featured-img":"disabled","footer-sml-layout":"","ast-disable-related-posts":"","theme-transparent-header-meta":"","adv-header-id-meta":"","stick-header-meta":"","header-above-stick-meta":"","header-main-stick-meta":"","header-below-stick-meta":"","astra-migrate-meta-layouts":"default","ast-page-background-enabled":"default","ast-page-background-meta":{"desktop":{"background-color":"var(--ast-global-color-4)","background-image":"","background-repeat":"repeat","background-position":"center center","background-size":"auto","background-attachment":"scroll","background-type":"","background-media":"","overlay-type":"","overlay-color":"","overlay-opacity":"","overlay-gradient":""},"tablet":{"background-color":"","background-image":"","background-repeat":"repeat","background-position":"center center","background-size":"auto","background-attachment":"scroll","background-type":"","background-media":"","overlay-type":"","overlay-color":"","overlay-opacity":"","overlay-gradient":""},"mobile":{"background-color":"","background-image":"","background-repeat":"repeat","background-position":"center center","background-size":"auto","background-attachment":"scroll","background-type":"","background-media":"","overlay-type":"","overlay-color":"","overlay-opacity":"","overlay-gradient":""}},"ast-content-background-meta":{"desktop":{"background-color":"var(--ast-global-color-5)","background-image":"","background-repeat":"repeat","background-position":"center center","background-size":"auto","background-attachment":"scroll","background-type":"","background-media":"","overlay-type":"","overlay-color":"","overlay-opacity":"","overlay-gradient":""},"tablet":{"background-color":"var(--ast-global-color-5)","background-image":"","background-repeat":"repeat","background-position":"center center","background-size":"auto","background-attachment":"scroll","background-type":"","background-media":"","overlay-type":"","overlay-color":"","overlay-opacity":"","overlay-gradient":""},"mobile":{"background-color":"var(--ast-global-color-5)","background-image":"","background-repeat":"repeat","background-position":"center center","background-size":"auto","background-attachment":"scroll","background-type":"","background-media":"","overlay-type":"","overlay-color":"","overlay-opacity":"","overlay-gradient":""}},"footnotes":""},"class_list":["post-373","page","type-page","status-publish","has-post-thumbnail","hentry"],"_links":{"self":[{"href":"https:\/\/www.le-renaissance.com\/es\/wp-json\/wp\/v2\/pages\/373","targetHints":{"allow":["GET"]}}],"collection":[{"href":"https:\/\/www.le-renaissance.com\/es\/wp-json\/wp\/v2\/pages"}],"about":[{"href":"https:\/\/www.le-renaissance.com\/es\/wp-json\/wp\/v2\/types\/page"}],"author":[{"embeddable":true,"href":"https:\/\/www.le-renaissance.com\/es\/wp-json\/wp\/v2\/users\/1"}],"replies":[{"embeddable":true,"href":"https:\/\/www.le-renaissance.com\/es\/wp-json\/wp\/v2\/comments?post=373"}],"version-history":[{"count":0,"href":"https:\/\/www.le-renaissance.com\/es\/wp-json\/wp\/v2\/pages\/373\/revisions"}],"wp:featuredmedia":[{"embeddable":true,"href":"https:\/\/www.le-renaissance.com\/es\/wp-json\/wp\/v2\/media\/800"}],"wp:attachment":[{"href":"https:\/\/www.le-renaissance.com\/es\/wp-json\/wp\/v2\/media?parent=373"}],"curies":[{"name":"wp","href":"https:\/\/api.w.org\/{rel}","templated":true}]}}